{"id":90,"date":"2024-10-08T22:59:53","date_gmt":"2024-10-09T02:59:53","guid":{"rendered":"https:\/\/cendis.mincultura.gob.ve\/?page_id=90"},"modified":"2024-12-19T08:51:59","modified_gmt":"2024-12-19T12:51:59","slug":"canal-cultura","status":"publish","type":"page","link":"https:\/\/www.cendis.gob.ve\/?page_id=90","title":{"rendered":"CONCIERTOS Y SESIONES"},"content":{"rendered":"\t\t<div data-elementor-type=\"wp-page\" data-elementor-id=\"90\" class=\"elementor elementor-90\" data-elementor-post-type=\"page\">\n\t\t\t\t<div class=\"elementor-element elementor-element-0604c9d e-flex e-con-boxed e-con e-parent\" data-id=\"0604c9d\" data-element_type=\"container\" data-e-type=\"container\" data-settings=\"{&quot;background_background&quot;:&quot;classic&quot;}\">\n\t\t\t\t\t<div class=\"e-con-inner\">\n\t\t\t\t<div class=\"elementor-element elementor-element-70867a2 elementor-widget elementor-widget-heading\" data-id=\"70867a2\" data-element_type=\"widget\" data-e-type=\"widget\" data-widget_type=\"heading.default\">\n\t\t\t\t<div class=\"elementor-widget-container\">\n\t\t\t\t\t<h2 class=\"elementor-heading-title elementor-size-default\">Venezuela M\u00fasica Presenta<\/h2>\t\t\t\t<\/div>\n\t\t\t\t<\/div>\n\t\t\t\t\t<\/div>\n\t\t\t\t<\/div>\n\t\t<div class=\"elementor-element elementor-element-e45bb39 e-flex e-con-boxed e-con e-parent\" data-id=\"e45bb39\" data-element_type=\"container\" data-e-type=\"container\">\n\t\t\t\t\t<div class=\"e-con-inner\">\n\t\t\t\t<div class=\"elementor-element elementor-element-ea758a2 elementor-grid-3 elementor-grid-tablet-2 elementor-grid-mobile-1 elementor-posts--thumbnail-top elementor-card-shadow-yes elementor-posts__hover-gradient elementor-invisible elementor-widget elementor-widget-posts\" data-id=\"ea758a2\" data-element_type=\"widget\" data-e-type=\"widget\" data-settings=\"{&quot;pagination_type&quot;:&quot;numbers_and_prev_next&quot;,&quot;_animation&quot;:&quot;fadeInDown&quot;,&quot;cards_columns&quot;:&quot;3&quot;,&quot;cards_columns_tablet&quot;:&quot;2&quot;,&quot;cards_columns_mobile&quot;:&quot;1&quot;,&quot;cards_row_gap&quot;:{&quot;unit&quot;:&quot;px&quot;,&quot;size&quot;:35,&quot;sizes&quot;:[]},&quot;cards_row_gap_tablet&quot;:{&quot;unit&quot;:&quot;px&quot;,&quot;size&quot;:&quot;&quot;,&quot;sizes&quot;:[]},&quot;cards_row_gap_mobile&quot;:{&quot;unit&quot;:&quot;px&quot;,&quot;size&quot;:&quot;&quot;,&quot;sizes&quot;:[]}}\" data-widget_type=\"posts.cards\">\n\t\t\t\t<div class=\"elementor-widget-container\">\n\t\t\t\t\t\t\t<div class=\"elementor-posts-container elementor-posts elementor-posts--skin-cards elementor-grid\" role=\"list\">\n\t\t\t\t<article class=\"elementor-post elementor-grid-item post-6377 post type-post status-publish format-standard has-post-thumbnail hentry category-venezuela-musica\" role=\"listitem\">\n\t\t\t<div class=\"elementor-post__card\">\n\t\t\t\t<a class=\"elementor-post__thumbnail__link\" href=\"https:\/\/www.cendis.gob.ve\/?p=6377\" tabindex=\"-1\" ><div class=\"elementor-post__thumbnail\"><img fetchpriority=\"high\" decoding=\"async\" width=\"300\" height=\"169\" src=\"https:\/\/www.cendis.gob.ve\/wp-content\/uploads\/2025\/03\/Sin-asfafas-300x169.jpg\" class=\"attachment-medium size-medium wp-image-6378\" alt=\"\" srcset=\"https:\/\/www.cendis.gob.ve\/wp-content\/uploads\/2025\/03\/Sin-asfafas-300x169.jpg 300w, https:\/\/www.cendis.gob.ve\/wp-content\/uploads\/2025\/03\/Sin-asfafas-1024x576.jpg 1024w, https:\/\/www.cendis.gob.ve\/wp-content\/uploads\/2025\/03\/Sin-asfafas-768x432.jpg 768w, https:\/\/www.cendis.gob.ve\/wp-content\/uploads\/2025\/03\/Sin-asfafas-1536x864.jpg 1536w, https:\/\/www.cendis.gob.ve\/wp-content\/uploads\/2025\/03\/Sin-asfafas.jpg 1920w\" sizes=\"(max-width: 300px) 100vw, 300px\" \/><\/div><\/a>\n\t\t\t\t<div class=\"elementor-post__text\">\n\t\t\t\t<h3 class=\"elementor-post__title\">\n\t\t\t<a href=\"https:\/\/www.cendis.gob.ve\/?p=6377\" >\n\t\t\t\tConcierto Marta Doudiers\t\t\t<\/a>\n\t\t<\/h3>\n\t\t\t\t<\/div>\n\t\t\t\t\t<\/div>\n\t\t<\/article>\n\t\t\t\t<article class=\"elementor-post elementor-grid-item post-2022 post type-post status-publish format-standard has-post-thumbnail hentry category-venezuela-musica tag-caracas tag-en-vivo tag-gaitas tag-navidad tag-zulia\" role=\"listitem\">\n\t\t\t<div class=\"elementor-post__card\">\n\t\t\t\t<a class=\"elementor-post__thumbnail__link\" href=\"https:\/\/www.cendis.gob.ve\/?p=2022\" tabindex=\"-1\" ><div class=\"elementor-post__thumbnail\"><img decoding=\"async\" width=\"300\" height=\"166\" src=\"https:\/\/www.cendis.gob.ve\/wp-content\/uploads\/2024\/12\/sabor-en-gaitas-300x166.jpg\" class=\"attachment-medium size-medium wp-image-2027\" alt=\"\" srcset=\"https:\/\/www.cendis.gob.ve\/wp-content\/uploads\/2024\/12\/sabor-en-gaitas-300x166.jpg 300w, https:\/\/www.cendis.gob.ve\/wp-content\/uploads\/2024\/12\/sabor-en-gaitas-1024x567.jpg 1024w, https:\/\/www.cendis.gob.ve\/wp-content\/uploads\/2024\/12\/sabor-en-gaitas-768x425.jpg 768w, https:\/\/www.cendis.gob.ve\/wp-content\/uploads\/2024\/12\/sabor-en-gaitas-1536x850.jpg 1536w, https:\/\/www.cendis.gob.ve\/wp-content\/uploads\/2024\/12\/sabor-en-gaitas.jpg 1912w\" sizes=\"(max-width: 300px) 100vw, 300px\" \/><\/div><\/a>\n\t\t\t\t<div class=\"elementor-post__text\">\n\t\t\t\t<h3 class=\"elementor-post__title\">\n\t\t\t<a href=\"https:\/\/www.cendis.gob.ve\/?p=2022\" >\n\t\t\t\tVenezuela M\u00fasica presenta agrupaci\u00f3n Sabor en Gaitas\t\t\t<\/a>\n\t\t<\/h3>\n\t\t\t\t<\/div>\n\t\t\t\t\t<\/div>\n\t\t<\/article>\n\t\t\t\t<article class=\"elementor-post elementor-grid-item post-1626 post type-post status-publish format-standard has-post-thumbnail hentry category-venezuela-musica\" role=\"listitem\">\n\t\t\t<div class=\"elementor-post__card\">\n\t\t\t\t<a class=\"elementor-post__thumbnail__link\" href=\"https:\/\/www.cendis.gob.ve\/?p=1626\" tabindex=\"-1\" ><div class=\"elementor-post__thumbnail\"><img decoding=\"async\" width=\"300\" height=\"148\" src=\"https:\/\/www.cendis.gob.ve\/wp-content\/uploads\/2024\/11\/Captura-300x148.jpg\" class=\"attachment-medium size-medium wp-image-1627\" alt=\"\" srcset=\"https:\/\/www.cendis.gob.ve\/wp-content\/uploads\/2024\/11\/Captura-300x148.jpg 300w, https:\/\/www.cendis.gob.ve\/wp-content\/uploads\/2024\/11\/Captura-1024x504.jpg 1024w, https:\/\/www.cendis.gob.ve\/wp-content\/uploads\/2024\/11\/Captura-768x378.jpg 768w, https:\/\/www.cendis.gob.ve\/wp-content\/uploads\/2024\/11\/Captura-1536x756.jpg 1536w, https:\/\/www.cendis.gob.ve\/wp-content\/uploads\/2024\/11\/Captura.jpg 1884w\" sizes=\"(max-width: 300px) 100vw, 300px\" \/><\/div><\/a>\n\t\t\t\t<div class=\"elementor-post__text\">\n\t\t\t\t<h3 class=\"elementor-post__title\">\n\t\t\t<a href=\"https:\/\/www.cendis.gob.ve\/?p=1626\" >\n\t\t\t\tVenezuela M\u00fasica presenta grupo Experimental Cacao\t\t\t<\/a>\n\t\t<\/h3>\n\t\t\t\t<\/div>\n\t\t\t\t\t<\/div>\n\t\t<\/article>\n\t\t\t\t<\/div>\n\t\t\n\t\t\t\t<div class=\"e-load-more-anchor\" data-page=\"1\" data-max-page=\"2\" data-next-page=\"https:\/\/www.cendis.gob.ve\/?e-page-ea758a2=2\"><\/div>\n\t\t\t\t<nav class=\"elementor-pagination\" aria-label=\"Paginaci\u00f3n\">\n\t\t\t<span class=\"page-numbers prev\">&laquo; Anterior<\/span>\n<span aria-current=\"page\" class=\"page-numbers current\"><span class=\"elementor-screen-only\">P\u00e1gina<\/span>1<\/span>\n<a class=\"page-numbers\" href=\"https:\/\/www.cendis.gob.ve\/index.php\/?e-page-ea758a2=2\"><span class=\"elementor-screen-only\">P\u00e1gina<\/span>2<\/a>\n<a class=\"page-numbers next\" href=\"https:\/\/www.cendis.gob.ve\/?e-page-ea758a2=2\">Siguiente &raquo;<\/a>\t\t<\/nav>\n\t\t\t\t\t\t<\/div>\n\t\t\t\t<\/div>\n\t\t\t\t\t<\/div>\n\t\t\t\t<\/div>\n\t\t<div class=\"elementor-element elementor-element-a3838ed e-flex e-con-boxed e-con e-parent\" data-id=\"a3838ed\" data-element_type=\"container\" data-e-type=\"container\" data-settings=\"{&quot;background_background&quot;:&quot;classic&quot;}\">\n\t\t\t\t\t<div class=\"e-con-inner\">\n\t\t\t\t<div class=\"elementor-element elementor-element-965da41 elementor-widget elementor-widget-heading\" data-id=\"965da41\" data-element_type=\"widget\" data-e-type=\"widget\" data-widget_type=\"heading.default\">\n\t\t\t\t<div class=\"elementor-widget-container\">\n\t\t\t\t\t<h2 class=\"elementor-heading-title elementor-size-default\">Conciertos<\/h2>\t\t\t\t<\/div>\n\t\t\t\t<\/div>\n\t\t\t\t\t<\/div>\n\t\t\t\t<\/div>\n\t\t<div class=\"elementor-element elementor-element-a08d877 e-flex e-con-boxed e-con e-parent\" data-id=\"a08d877\" data-element_type=\"container\" data-e-type=\"container\">\n\t\t\t\t\t<div class=\"e-con-inner\">\n\t\t\t\t<div class=\"elementor-element elementor-element-19a01fd elementor-grid-3 elementor-grid-tablet-2 elementor-grid-mobile-1 elementor-posts--thumbnail-top elementor-card-shadow-yes elementor-posts__hover-gradient elementor-invisible elementor-widget elementor-widget-posts\" data-id=\"19a01fd\" data-element_type=\"widget\" data-e-type=\"widget\" data-settings=\"{&quot;pagination_type&quot;:&quot;numbers_and_prev_next&quot;,&quot;_animation&quot;:&quot;fadeInDown&quot;,&quot;cards_columns&quot;:&quot;3&quot;,&quot;cards_columns_tablet&quot;:&quot;2&quot;,&quot;cards_columns_mobile&quot;:&quot;1&quot;,&quot;cards_row_gap&quot;:{&quot;unit&quot;:&quot;px&quot;,&quot;size&quot;:35,&quot;sizes&quot;:[]},&quot;cards_row_gap_tablet&quot;:{&quot;unit&quot;:&quot;px&quot;,&quot;size&quot;:&quot;&quot;,&quot;sizes&quot;:[]},&quot;cards_row_gap_mobile&quot;:{&quot;unit&quot;:&quot;px&quot;,&quot;size&quot;:&quot;&quot;,&quot;sizes&quot;:[]}}\" data-widget_type=\"posts.cards\">\n\t\t\t\t<div class=\"elementor-widget-container\">\n\t\t\t\t\t\t\t<div class=\"elementor-posts-container elementor-posts elementor-posts--skin-cards elementor-grid\" role=\"list\">\n\t\t\t\t<article class=\"elementor-post elementor-grid-item post-6722 post type-post status-publish format-standard has-post-thumbnail hentry category-conciertos\" role=\"listitem\">\n\t\t\t<div class=\"elementor-post__card\">\n\t\t\t\t<a class=\"elementor-post__thumbnail__link\" href=\"https:\/\/www.cendis.gob.ve\/?p=6722\" tabindex=\"-1\" ><div class=\"elementor-post__thumbnail\"><img loading=\"lazy\" decoding=\"async\" width=\"300\" height=\"200\" src=\"https:\/\/www.cendis.gob.ve\/wp-content\/uploads\/2025\/08\/1001449904-300x200.jpg\" class=\"attachment-medium size-medium wp-image-6727\" alt=\"\" srcset=\"https:\/\/www.cendis.gob.ve\/wp-content\/uploads\/2025\/08\/1001449904-300x200.jpg 300w, https:\/\/www.cendis.gob.ve\/wp-content\/uploads\/2025\/08\/1001449904-1024x682.jpg 1024w, https:\/\/www.cendis.gob.ve\/wp-content\/uploads\/2025\/08\/1001449904-768x512.jpg 768w, https:\/\/www.cendis.gob.ve\/wp-content\/uploads\/2025\/08\/1001449904.jpg 1280w\" sizes=\"(max-width: 300px) 100vw, 300px\" \/><\/div><\/a>\n\t\t\t\t<div class=\"elementor-post__text\">\n\t\t\t\t<h3 class=\"elementor-post__title\">\n\t\t\t<a href=\"https:\/\/www.cendis.gob.ve\/?p=6722\" >\n\t\t\t\tEmotivo concierto en el Celarg celebr\u00f3 Bicentenario de Bolivia\t\t\t<\/a>\n\t\t<\/h3>\n\t\t\t\t<\/div>\n\t\t\t\t\t<\/div>\n\t\t<\/article>\n\t\t\t\t<article class=\"elementor-post elementor-grid-item post-6407 post type-post status-publish format-standard has-post-thumbnail hentry category-conciertos\" role=\"listitem\">\n\t\t\t<div class=\"elementor-post__card\">\n\t\t\t\t<a class=\"elementor-post__thumbnail__link\" href=\"https:\/\/www.cendis.gob.ve\/?p=6407\" tabindex=\"-1\" ><div class=\"elementor-post__thumbnail\"><img loading=\"lazy\" decoding=\"async\" width=\"300\" height=\"169\" src=\"https:\/\/www.cendis.gob.ve\/wp-content\/uploads\/2025\/03\/Sin-titulo-7-300x169.jpg\" class=\"attachment-medium size-medium wp-image-6408\" alt=\"\" srcset=\"https:\/\/www.cendis.gob.ve\/wp-content\/uploads\/2025\/03\/Sin-titulo-7-300x169.jpg 300w, https:\/\/www.cendis.gob.ve\/wp-content\/uploads\/2025\/03\/Sin-titulo-7-1024x576.jpg 1024w, https:\/\/www.cendis.gob.ve\/wp-content\/uploads\/2025\/03\/Sin-titulo-7-768x432.jpg 768w, https:\/\/www.cendis.gob.ve\/wp-content\/uploads\/2025\/03\/Sin-titulo-7-1536x864.jpg 1536w, https:\/\/www.cendis.gob.ve\/wp-content\/uploads\/2025\/03\/Sin-titulo-7.jpg 1920w\" sizes=\"(max-width: 300px) 100vw, 300px\" \/><\/div><\/a>\n\t\t\t\t<div class=\"elementor-post__text\">\n\t\t\t\t<h3 class=\"elementor-post__title\">\n\t\t\t<a href=\"https:\/\/www.cendis.gob.ve\/?p=6407\" >\n\t\t\t\tConcierto Iv\u00e1n de amor: Celebrando los 80 a\u00f1os de Iv\u00e1n P\u00e9rez Rossi\t\t\t<\/a>\n\t\t<\/h3>\n\t\t\t\t<\/div>\n\t\t\t\t\t<\/div>\n\t\t<\/article>\n\t\t\t\t<article class=\"elementor-post elementor-grid-item post-6373 post type-post status-publish format-standard has-post-thumbnail hentry category-conciertos\" role=\"listitem\">\n\t\t\t<div class=\"elementor-post__card\">\n\t\t\t\t<a class=\"elementor-post__thumbnail__link\" href=\"https:\/\/www.cendis.gob.ve\/?p=6373\" tabindex=\"-1\" ><div class=\"elementor-post__thumbnail\"><img loading=\"lazy\" decoding=\"async\" width=\"300\" height=\"169\" src=\"https:\/\/www.cendis.gob.ve\/wp-content\/uploads\/2025\/03\/saoha-300x169.jpg\" class=\"attachment-medium size-medium wp-image-6374\" alt=\"\" srcset=\"https:\/\/www.cendis.gob.ve\/wp-content\/uploads\/2025\/03\/saoha-300x169.jpg 300w, https:\/\/www.cendis.gob.ve\/wp-content\/uploads\/2025\/03\/saoha-1024x576.jpg 1024w, https:\/\/www.cendis.gob.ve\/wp-content\/uploads\/2025\/03\/saoha-768x432.jpg 768w, https:\/\/www.cendis.gob.ve\/wp-content\/uploads\/2025\/03\/saoha-1536x864.jpg 1536w, https:\/\/www.cendis.gob.ve\/wp-content\/uploads\/2025\/03\/saoha.jpg 1920w\" sizes=\"(max-width: 300px) 100vw, 300px\" \/><\/div><\/a>\n\t\t\t\t<div class=\"elementor-post__text\">\n\t\t\t\t<h3 class=\"elementor-post__title\">\n\t\t\t<a href=\"https:\/\/www.cendis.gob.ve\/?p=6373\" >\n\t\t\t\tConcierto Jes\u00fas Sevillano\t\t\t<\/a>\n\t\t<\/h3>\n\t\t\t\t<\/div>\n\t\t\t\t\t<\/div>\n\t\t<\/article>\n\t\t\t\t<article class=\"elementor-post elementor-grid-item post-6368 post type-post status-publish format-standard has-post-thumbnail hentry category-conciertos\" role=\"listitem\">\n\t\t\t<div class=\"elementor-post__card\">\n\t\t\t\t<a class=\"elementor-post__thumbnail__link\" href=\"https:\/\/www.cendis.gob.ve\/?p=6368\" tabindex=\"-1\" ><div class=\"elementor-post__thumbnail\"><img loading=\"lazy\" decoding=\"async\" width=\"300\" height=\"169\" src=\"https:\/\/www.cendis.gob.ve\/wp-content\/uploads\/2025\/03\/Sin-titulo-1-300x169.jpg\" class=\"attachment-medium size-medium wp-image-6369\" alt=\"\" srcset=\"https:\/\/www.cendis.gob.ve\/wp-content\/uploads\/2025\/03\/Sin-titulo-1-300x169.jpg 300w, https:\/\/www.cendis.gob.ve\/wp-content\/uploads\/2025\/03\/Sin-titulo-1-1024x576.jpg 1024w, https:\/\/www.cendis.gob.ve\/wp-content\/uploads\/2025\/03\/Sin-titulo-1-768x432.jpg 768w, https:\/\/www.cendis.gob.ve\/wp-content\/uploads\/2025\/03\/Sin-titulo-1-1536x864.jpg 1536w, https:\/\/www.cendis.gob.ve\/wp-content\/uploads\/2025\/03\/Sin-titulo-1.jpg 1920w\" sizes=\"(max-width: 300px) 100vw, 300px\" \/><\/div><\/a>\n\t\t\t\t<div class=\"elementor-post__text\">\n\t\t\t\t<h3 class=\"elementor-post__title\">\n\t\t\t<a href=\"https:\/\/www.cendis.gob.ve\/?p=6368\" >\n\t\t\t\tRecital m\u00fasica tradicional venezolana\t\t\t<\/a>\n\t\t<\/h3>\n\t\t\t\t<\/div>\n\t\t\t\t\t<\/div>\n\t\t<\/article>\n\t\t\t\t<article class=\"elementor-post elementor-grid-item post-6364 post type-post status-publish format-standard has-post-thumbnail hentry category-conciertos\" role=\"listitem\">\n\t\t\t<div class=\"elementor-post__card\">\n\t\t\t\t<a class=\"elementor-post__thumbnail__link\" href=\"https:\/\/www.cendis.gob.ve\/?p=6364\" tabindex=\"-1\" ><div class=\"elementor-post__thumbnail\"><img loading=\"lazy\" decoding=\"async\" width=\"300\" height=\"169\" src=\"https:\/\/www.cendis.gob.ve\/wp-content\/uploads\/2025\/03\/Sin-titulo-300x169.jpg\" class=\"attachment-medium size-medium wp-image-6365\" alt=\"\" srcset=\"https:\/\/www.cendis.gob.ve\/wp-content\/uploads\/2025\/03\/Sin-titulo-300x169.jpg 300w, https:\/\/www.cendis.gob.ve\/wp-content\/uploads\/2025\/03\/Sin-titulo-1024x576.jpg 1024w, https:\/\/www.cendis.gob.ve\/wp-content\/uploads\/2025\/03\/Sin-titulo-768x432.jpg 768w, https:\/\/www.cendis.gob.ve\/wp-content\/uploads\/2025\/03\/Sin-titulo-1536x864.jpg 1536w, https:\/\/www.cendis.gob.ve\/wp-content\/uploads\/2025\/03\/Sin-titulo.jpg 1920w\" sizes=\"(max-width: 300px) 100vw, 300px\" \/><\/div><\/a>\n\t\t\t\t<div class=\"elementor-post__text\">\n\t\t\t\t<h3 class=\"elementor-post__title\">\n\t\t\t<a href=\"https:\/\/www.cendis.gob.ve\/?p=6364\" >\n\t\t\t\tRecital Luis Felipe Bellor\u00edn\t\t\t<\/a>\n\t\t<\/h3>\n\t\t\t\t<\/div>\n\t\t\t\t\t<\/div>\n\t\t<\/article>\n\t\t\t\t<article class=\"elementor-post elementor-grid-item post-3578 post type-post status-publish format-standard has-post-thumbnail hentry category-conciertos tag-festival-viva-venezuela tag-zulia\" role=\"listitem\">\n\t\t\t<div class=\"elementor-post__card\">\n\t\t\t\t<a class=\"elementor-post__thumbnail__link\" href=\"https:\/\/www.cendis.gob.ve\/?p=3578\" tabindex=\"-1\" ><div class=\"elementor-post__thumbnail\"><img loading=\"lazy\" decoding=\"async\" width=\"300\" height=\"169\" src=\"https:\/\/www.cendis.gob.ve\/wp-content\/uploads\/2024\/12\/Festival-Mundial-Viva-Venezuela-Tercer-Capitulo-estado-Zulia-concierto-parranda-gaitera-300x169.jpg\" class=\"attachment-medium size-medium wp-image-3587\" alt=\"\" srcset=\"https:\/\/www.cendis.gob.ve\/wp-content\/uploads\/2024\/12\/Festival-Mundial-Viva-Venezuela-Tercer-Capitulo-estado-Zulia-concierto-parranda-gaitera-300x169.jpg 300w, https:\/\/www.cendis.gob.ve\/wp-content\/uploads\/2024\/12\/Festival-Mundial-Viva-Venezuela-Tercer-Capitulo-estado-Zulia-concierto-parranda-gaitera-1024x576.jpg 1024w, https:\/\/www.cendis.gob.ve\/wp-content\/uploads\/2024\/12\/Festival-Mundial-Viva-Venezuela-Tercer-Capitulo-estado-Zulia-concierto-parranda-gaitera-768x432.jpg 768w, https:\/\/www.cendis.gob.ve\/wp-content\/uploads\/2024\/12\/Festival-Mundial-Viva-Venezuela-Tercer-Capitulo-estado-Zulia-concierto-parranda-gaitera-1536x864.jpg 1536w, https:\/\/www.cendis.gob.ve\/wp-content\/uploads\/2024\/12\/Festival-Mundial-Viva-Venezuela-Tercer-Capitulo-estado-Zulia-concierto-parranda-gaitera.jpg 1919w\" sizes=\"(max-width: 300px) 100vw, 300px\" \/><\/div><\/a>\n\t\t\t\t<div class=\"elementor-post__text\">\n\t\t\t\t<h3 class=\"elementor-post__title\">\n\t\t\t<a href=\"https:\/\/www.cendis.gob.ve\/?p=3578\" >\n\t\t\t\tFestival Mundial Viva Venezuela- Tercer Cap\u00edtulo, estado Zulia, concierto parranda gaitera\t\t\t<\/a>\n\t\t<\/h3>\n\t\t\t\t<\/div>\n\t\t\t\t\t<\/div>\n\t\t<\/article>\n\t\t\t\t<\/div>\n\t\t\n\t\t\t\t<div class=\"e-load-more-anchor\" data-page=\"1\" data-max-page=\"53\" data-next-page=\"https:\/\/www.cendis.gob.ve\/?e-page-19a01fd=2\"><\/div>\n\t\t\t\t<nav class=\"elementor-pagination\" aria-label=\"Paginaci\u00f3n\">\n\t\t\t<span class=\"page-numbers prev\">&laquo; Anterior<\/span>\n<span aria-current=\"page\" class=\"page-numbers current\"><span class=\"elementor-screen-only\">P\u00e1gina<\/span>1<\/span>\n<a class=\"page-numbers\" href=\"https:\/\/www.cendis.gob.ve\/index.php\/?e-page-19a01fd=2\"><span class=\"elementor-screen-only\">P\u00e1gina<\/span>2<\/a>\n<a class=\"page-numbers\" href=\"https:\/\/www.cendis.gob.ve\/index.php\/?e-page-19a01fd=3\"><span class=\"elementor-screen-only\">P\u00e1gina<\/span>3<\/a>\n<a class=\"page-numbers\" href=\"https:\/\/www.cendis.gob.ve\/index.php\/?e-page-19a01fd=4\"><span class=\"elementor-screen-only\">P\u00e1gina<\/span>4<\/a>\n<a class=\"page-numbers\" href=\"https:\/\/www.cendis.gob.ve\/index.php\/?e-page-19a01fd=5\"><span class=\"elementor-screen-only\">P\u00e1gina<\/span>5<\/a>\n<a class=\"page-numbers next\" href=\"https:\/\/www.cendis.gob.ve\/?e-page-19a01fd=2\">Siguiente &raquo;<\/a>\t\t<\/nav>\n\t\t\t\t\t\t<\/div>\n\t\t\t\t<\/div>\n\t\t\t\t\t<\/div>\n\t\t\t\t<\/div>\n\t\t<div class=\"elementor-element elementor-element-c5c3e15 e-flex e-con-boxed e-con e-parent\" data-id=\"c5c3e15\" data-element_type=\"container\" data-e-type=\"container\" data-settings=\"{&quot;background_background&quot;:&quot;classic&quot;}\">\n\t\t\t\t\t<div class=\"e-con-inner\">\n\t\t\t\t<div class=\"elementor-element elementor-element-901067e elementor-invisible elementor-widget elementor-widget-heading\" data-id=\"901067e\" data-element_type=\"widget\" data-e-type=\"widget\" data-settings=\"{&quot;_animation&quot;:&quot;fadeInLeft&quot;}\" data-widget_type=\"heading.default\">\n\t\t\t\t<div class=\"elementor-widget-container\">\n\t\t\t\t\t<h2 class=\"elementor-heading-title elementor-size-default\"><b>Sesiones<\/b><\/h2>\t\t\t\t<\/div>\n\t\t\t\t<\/div>\n\t\t\t\t\t<\/div>\n\t\t\t\t<\/div>\n\t\t<div class=\"elementor-element elementor-element-1cd15d5 e-flex e-con-boxed e-con e-parent\" data-id=\"1cd15d5\" data-element_type=\"container\" data-e-type=\"container\">\n\t\t\t\t\t<div class=\"e-con-inner\">\n\t\t\t\t<div class=\"elementor-element elementor-element-02eefd0 elementor-grid-3 elementor-grid-tablet-2 elementor-grid-mobile-1 elementor-posts--thumbnail-top elementor-card-shadow-yes elementor-posts__hover-gradient elementor-invisible elementor-widget elementor-widget-posts\" data-id=\"02eefd0\" data-element_type=\"widget\" data-e-type=\"widget\" data-settings=\"{&quot;pagination_type&quot;:&quot;numbers_and_prev_next&quot;,&quot;_animation&quot;:&quot;fadeInDown&quot;,&quot;cards_columns&quot;:&quot;3&quot;,&quot;cards_columns_tablet&quot;:&quot;2&quot;,&quot;cards_columns_mobile&quot;:&quot;1&quot;,&quot;cards_row_gap&quot;:{&quot;unit&quot;:&quot;px&quot;,&quot;size&quot;:35,&quot;sizes&quot;:[]},&quot;cards_row_gap_tablet&quot;:{&quot;unit&quot;:&quot;px&quot;,&quot;size&quot;:&quot;&quot;,&quot;sizes&quot;:[]},&quot;cards_row_gap_mobile&quot;:{&quot;unit&quot;:&quot;px&quot;,&quot;size&quot;:&quot;&quot;,&quot;sizes&quot;:[]}}\" data-widget_type=\"posts.cards\">\n\t\t\t\t<div class=\"elementor-widget-container\">\n\t\t\t\t\t\t\t<div class=\"elementor-posts-container elementor-posts elementor-posts--skin-cards elementor-grid\" role=\"list\">\n\t\t\t\t<article class=\"elementor-post elementor-grid-item post-3857 post type-post status-publish format-standard has-post-thumbnail hentry category-sesiones tag-funk tag-fusion tag-tamunangue\" role=\"listitem\">\n\t\t\t<div class=\"elementor-post__card\">\n\t\t\t\t<a class=\"elementor-post__thumbnail__link\" href=\"https:\/\/www.cendis.gob.ve\/?p=3857\" tabindex=\"-1\" ><div class=\"elementor-post__thumbnail\"><img loading=\"lazy\" decoding=\"async\" width=\"300\" height=\"170\" src=\"https:\/\/www.cendis.gob.ve\/wp-content\/uploads\/2024\/12\/Kiko-Mendoza-300x170.jpg\" class=\"attachment-medium size-medium wp-image-3859\" alt=\"\" srcset=\"https:\/\/www.cendis.gob.ve\/wp-content\/uploads\/2024\/12\/Kiko-Mendoza-300x170.jpg 300w, https:\/\/www.cendis.gob.ve\/wp-content\/uploads\/2024\/12\/Kiko-Mendoza-1024x582.jpg 1024w, https:\/\/www.cendis.gob.ve\/wp-content\/uploads\/2024\/12\/Kiko-Mendoza-768x436.jpg 768w, https:\/\/www.cendis.gob.ve\/wp-content\/uploads\/2024\/12\/Kiko-Mendoza.jpg 1283w\" sizes=\"(max-width: 300px) 100vw, 300px\" \/><\/div><\/a>\n\t\t\t\t<div class=\"elementor-post__text\">\n\t\t\t\t<h3 class=\"elementor-post__title\">\n\t\t\t<a href=\"https:\/\/www.cendis.gob.ve\/?p=3857\" >\n\t\t\t\tConcierto Kiko Mendoza\t\t\t<\/a>\n\t\t<\/h3>\n\t\t\t\t<\/div>\n\t\t\t\t\t<\/div>\n\t\t<\/article>\n\t\t\t\t<article class=\"elementor-post elementor-grid-item post-3346 post type-post status-publish format-standard has-post-thumbnail hentry category-sesiones tag-cendis tag-sesiones tag-vals\" role=\"listitem\">\n\t\t\t<div class=\"elementor-post__card\">\n\t\t\t\t<a class=\"elementor-post__thumbnail__link\" href=\"https:\/\/www.cendis.gob.ve\/?p=3346\" tabindex=\"-1\" ><div class=\"elementor-post__thumbnail\"><img loading=\"lazy\" decoding=\"async\" width=\"300\" height=\"152\" src=\"https:\/\/www.cendis.gob.ve\/wp-content\/uploads\/2024\/12\/ENSAMBLE-300x152.jpg\" class=\"attachment-medium size-medium wp-image-3347\" alt=\"\" srcset=\"https:\/\/www.cendis.gob.ve\/wp-content\/uploads\/2024\/12\/ENSAMBLE-300x152.jpg 300w, https:\/\/www.cendis.gob.ve\/wp-content\/uploads\/2024\/12\/ENSAMBLE-1024x518.jpg 1024w, https:\/\/www.cendis.gob.ve\/wp-content\/uploads\/2024\/12\/ENSAMBLE-768x388.jpg 768w, https:\/\/www.cendis.gob.ve\/wp-content\/uploads\/2024\/12\/ENSAMBLE.jpg 1283w\" sizes=\"(max-width: 300px) 100vw, 300px\" \/><\/div><\/a>\n\t\t\t\t<div class=\"elementor-post__text\">\n\t\t\t\t<h3 class=\"elementor-post__title\">\n\t\t\t<a href=\"https:\/\/www.cendis.gob.ve\/?p=3346\" >\n\t\t\t\tConcierto del Ensamble 2+1\t\t\t<\/a>\n\t\t<\/h3>\n\t\t\t\t<\/div>\n\t\t\t\t\t<\/div>\n\t\t<\/article>\n\t\t\t\t<article class=\"elementor-post elementor-grid-item post-3350 post type-post status-publish format-standard has-post-thumbnail hentry category-sesiones tag-gaita tag-joropo tag-malaguena\" role=\"listitem\">\n\t\t\t<div class=\"elementor-post__card\">\n\t\t\t\t<a class=\"elementor-post__thumbnail__link\" href=\"https:\/\/www.cendis.gob.ve\/?p=3350\" tabindex=\"-1\" ><div class=\"elementor-post__thumbnail\"><img loading=\"lazy\" decoding=\"async\" width=\"300\" height=\"154\" src=\"https:\/\/www.cendis.gob.ve\/wp-content\/uploads\/2024\/12\/Lucienne-300x154.jpg\" class=\"attachment-medium size-medium wp-image-3351\" alt=\"\" srcset=\"https:\/\/www.cendis.gob.ve\/wp-content\/uploads\/2024\/12\/Lucienne-300x154.jpg 300w, https:\/\/www.cendis.gob.ve\/wp-content\/uploads\/2024\/12\/Lucienne-1024x524.jpg 1024w, https:\/\/www.cendis.gob.ve\/wp-content\/uploads\/2024\/12\/Lucienne-768x393.jpg 768w, https:\/\/www.cendis.gob.ve\/wp-content\/uploads\/2024\/12\/Lucienne.jpg 1264w\" sizes=\"(max-width: 300px) 100vw, 300px\" \/><\/div><\/a>\n\t\t\t\t<div class=\"elementor-post__text\">\n\t\t\t\t<h3 class=\"elementor-post__title\">\n\t\t\t<a href=\"https:\/\/www.cendis.gob.ve\/?p=3350\" >\n\t\t\t\tConcierto de Lucienne Sanabria\t\t\t<\/a>\n\t\t<\/h3>\n\t\t\t\t<\/div>\n\t\t\t\t\t<\/div>\n\t\t<\/article>\n\t\t\t\t<article class=\"elementor-post elementor-grid-item post-3355 post type-post status-publish format-standard has-post-thumbnail hentry category-sesiones tag-arpa tag-arpachina\" role=\"listitem\">\n\t\t\t<div class=\"elementor-post__card\">\n\t\t\t\t<a class=\"elementor-post__thumbnail__link\" href=\"https:\/\/www.cendis.gob.ve\/?p=3355\" tabindex=\"-1\" ><div class=\"elementor-post__thumbnail\"><img loading=\"lazy\" decoding=\"async\" width=\"300\" height=\"152\" src=\"https:\/\/www.cendis.gob.ve\/wp-content\/uploads\/2024\/12\/Leo-Vargas-300x152.jpg\" class=\"attachment-medium size-medium wp-image-3356\" alt=\"\" srcset=\"https:\/\/www.cendis.gob.ve\/wp-content\/uploads\/2024\/12\/Leo-Vargas-300x152.jpg 300w, https:\/\/www.cendis.gob.ve\/wp-content\/uploads\/2024\/12\/Leo-Vargas-1024x520.jpg 1024w, https:\/\/www.cendis.gob.ve\/wp-content\/uploads\/2024\/12\/Leo-Vargas-768x390.jpg 768w, https:\/\/www.cendis.gob.ve\/wp-content\/uploads\/2024\/12\/Leo-Vargas.jpg 1276w\" sizes=\"(max-width: 300px) 100vw, 300px\" \/><\/div><\/a>\n\t\t\t\t<div class=\"elementor-post__text\">\n\t\t\t\t<h3 class=\"elementor-post__title\">\n\t\t\t<a href=\"https:\/\/www.cendis.gob.ve\/?p=3355\" >\n\t\t\t\tConcierto de Leo Vargas\t\t\t<\/a>\n\t\t<\/h3>\n\t\t\t\t<\/div>\n\t\t\t\t\t<\/div>\n\t\t<\/article>\n\t\t\t\t<article class=\"elementor-post elementor-grid-item post-3359 post type-post status-publish format-standard has-post-thumbnail hentry category-sesiones tag-acustica tag-guitarra\" role=\"listitem\">\n\t\t\t<div class=\"elementor-post__card\">\n\t\t\t\t<a class=\"elementor-post__thumbnail__link\" href=\"https:\/\/www.cendis.gob.ve\/?p=3359\" tabindex=\"-1\" ><div class=\"elementor-post__thumbnail\"><img loading=\"lazy\" decoding=\"async\" width=\"300\" height=\"153\" src=\"https:\/\/www.cendis.gob.ve\/wp-content\/uploads\/2024\/12\/Jesus-Mijares-300x153.jpg\" class=\"attachment-medium size-medium wp-image-3360\" alt=\"\" srcset=\"https:\/\/www.cendis.gob.ve\/wp-content\/uploads\/2024\/12\/Jesus-Mijares-300x153.jpg 300w, https:\/\/www.cendis.gob.ve\/wp-content\/uploads\/2024\/12\/Jesus-Mijares-1024x522.jpg 1024w, https:\/\/www.cendis.gob.ve\/wp-content\/uploads\/2024\/12\/Jesus-Mijares-768x391.jpg 768w, https:\/\/www.cendis.gob.ve\/wp-content\/uploads\/2024\/12\/Jesus-Mijares.jpg 1284w\" sizes=\"(max-width: 300px) 100vw, 300px\" \/><\/div><\/a>\n\t\t\t\t<div class=\"elementor-post__text\">\n\t\t\t\t<h3 class=\"elementor-post__title\">\n\t\t\t<a href=\"https:\/\/www.cendis.gob.ve\/?p=3359\" >\n\t\t\t\tConcierto de Jes\u00fas Mijares\t\t\t<\/a>\n\t\t<\/h3>\n\t\t\t\t<\/div>\n\t\t\t\t\t<\/div>\n\t\t<\/article>\n\t\t\t\t<article class=\"elementor-post elementor-grid-item post-3363 post type-post status-publish format-standard has-post-thumbnail hentry category-sesiones tag-pibomarquez tag-salsa\" role=\"listitem\">\n\t\t\t<div class=\"elementor-post__card\">\n\t\t\t\t<a class=\"elementor-post__thumbnail__link\" href=\"https:\/\/www.cendis.gob.ve\/?p=3363\" tabindex=\"-1\" ><div class=\"elementor-post__thumbnail\"><img loading=\"lazy\" decoding=\"async\" width=\"300\" height=\"153\" src=\"https:\/\/www.cendis.gob.ve\/wp-content\/uploads\/2024\/12\/Pibo-Marquez-300x153.jpg\" class=\"attachment-medium size-medium wp-image-3364\" alt=\"\" srcset=\"https:\/\/www.cendis.gob.ve\/wp-content\/uploads\/2024\/12\/Pibo-Marquez-300x153.jpg 300w, https:\/\/www.cendis.gob.ve\/wp-content\/uploads\/2024\/12\/Pibo-Marquez-1024x522.jpg 1024w, https:\/\/www.cendis.gob.ve\/wp-content\/uploads\/2024\/12\/Pibo-Marquez-768x392.jpg 768w, https:\/\/www.cendis.gob.ve\/wp-content\/uploads\/2024\/12\/Pibo-Marquez.jpg 1276w\" sizes=\"(max-width: 300px) 100vw, 300px\" \/><\/div><\/a>\n\t\t\t\t<div class=\"elementor-post__text\">\n\t\t\t\t<h3 class=\"elementor-post__title\">\n\t\t\t<a href=\"https:\/\/www.cendis.gob.ve\/?p=3363\" >\n\t\t\t\tConcierto de Pibo M\u00e1rquez\t\t\t<\/a>\n\t\t<\/h3>\n\t\t\t\t<\/div>\n\t\t\t\t\t<\/div>\n\t\t<\/article>\n\t\t\t\t<\/div>\n\t\t\n\t\t\t\t<div class=\"e-load-more-anchor\" data-page=\"1\" data-max-page=\"17\" data-next-page=\"https:\/\/www.cendis.gob.ve\/?e-page-02eefd0=2\"><\/div>\n\t\t\t\t<nav class=\"elementor-pagination\" aria-label=\"Paginaci\u00f3n\">\n\t\t\t<span class=\"page-numbers prev\">&laquo; Anterior<\/span>\n<span aria-current=\"page\" class=\"page-numbers current\"><span class=\"elementor-screen-only\">P\u00e1gina<\/span>1<\/span>\n<a class=\"page-numbers\" href=\"https:\/\/www.cendis.gob.ve\/index.php\/?e-page-02eefd0=2\"><span class=\"elementor-screen-only\">P\u00e1gina<\/span>2<\/a>\n<a class=\"page-numbers\" href=\"https:\/\/www.cendis.gob.ve\/index.php\/?e-page-02eefd0=3\"><span class=\"elementor-screen-only\">P\u00e1gina<\/span>3<\/a>\n<a class=\"page-numbers\" href=\"https:\/\/www.cendis.gob.ve\/index.php\/?e-page-02eefd0=4\"><span class=\"elementor-screen-only\">P\u00e1gina<\/span>4<\/a>\n<a class=\"page-numbers\" href=\"https:\/\/www.cendis.gob.ve\/index.php\/?e-page-02eefd0=5\"><span class=\"elementor-screen-only\">P\u00e1gina<\/span>5<\/a>\n<a class=\"page-numbers next\" href=\"https:\/\/www.cendis.gob.ve\/?e-page-02eefd0=2\">Siguiente &raquo;<\/a>\t\t<\/nav>\n\t\t\t\t\t\t<\/div>\n\t\t\t\t<\/div>\n\t\t\t\t\t<\/div>\n\t\t\t\t<\/div>\n\t\t\t\t<\/div>\n\t\t","protected":false},"excerpt":{"rendered":"<p>Venezuela M\u00fasica Presenta Conciertos Sesiones<\/p>\n","protected":false},"author":1,"featured_media":0,"parent":0,"menu_order":0,"comment_status":"closed","ping_status":"closed","template":"elementor_theme","meta":{"footnotes":""},"class_list":["post-90","page","type-page","status-publish","hentry"],"_links":{"self":[{"href":"https:\/\/www.cendis.gob.ve\/index.php?rest_route=\/wp\/v2\/pages\/90"}],"collection":[{"href":"https:\/\/www.cendis.gob.ve\/index.php?rest_route=\/wp\/v2\/pages"}],"about":[{"href":"https:\/\/www.cendis.gob.ve\/index.php?rest_route=\/wp\/v2\/types\/page"}],"author":[{"embeddable":true,"href":"https:\/\/www.cendis.gob.ve\/index.php?rest_route=\/wp\/v2\/users\/1"}],"replies":[{"embeddable":true,"href":"https:\/\/www.cendis.gob.ve\/index.php?rest_route=%2Fwp%2Fv2%2Fcomments&post=90"}],"version-history":[{"count":89,"href":"https:\/\/www.cendis.gob.ve\/index.php?rest_route=\/wp\/v2\/pages\/90\/revisions"}],"predecessor-version":[{"id":4421,"href":"https:\/\/www.cendis.gob.ve\/index.php?rest_route=\/wp\/v2\/pages\/90\/revisions\/4421"}],"wp:attachment":[{"href":"https:\/\/www.cendis.gob.ve\/index.php?rest_route=%2Fwp%2Fv2%2Fmedia&parent=90"}],"curies":[{"name":"wp","href":"https:\/\/api.w.org\/{rel}","templated":true}]}}